{"id":13,"date":"2013-06-25T14:57:53","date_gmt":"2013-06-25T17:57:53","guid":{"rendered":"http:\/\/sindespe.org.br\/portal\/?page_id=13"},"modified":"2025-09-03T10:33:24","modified_gmt":"2025-09-03T13:33:24","slug":"juridicoescritorios","status":"publish","type":"page","link":"https:\/\/sindpenal.org.br\/portal\/juridicoescritorios\/","title":{"rendered":"Escrit\u00f3rios Jur\u00eddicos"},"content":{"rendered":"<h3><strong>Departamento Jur\u00eddico Regional<\/strong><\/h3>\n<p>&nbsp;<\/p>\n<p>Todos os filiados podem se valer do jur\u00eddico, tanto por e-mail quanto pelos telefones abaixo, para tirarem d\u00favidas referentes ao exerc\u00edcio da fun\u00e7\u00e3o de AEVP.<\/p>\n<p>Aos filiados \u00e9 garantido:<br \/>\n\u2013 D\u00favidas e consultas<br \/>\n\u2013 Defesa e acompanhamento em procedimentos administrativos, sindic\u00e2ncia ou corregedoria<br \/>\n\u2013 Ingresso de a\u00e7\u00f5es judiciais sem custo inicial, sendo que, em casos de a\u00e7\u00f5es que resultam em ganho econ\u00f4mico, ser\u00e1 descontado o valor de 20% dos filiados apenas em caso de \u00eaxito. Em casos de Mandado de Seguran\u00e7a ou demais a\u00e7\u00f5es sem cunho econ\u00f4mico n\u00e3o haver\u00e1 contrapresta\u00e7\u00e3o.<\/p>\n<p>Contudo, para se valer do jur\u00eddico existem car\u00eancias:<br \/>\n\u2013 3 meses de filia\u00e7\u00e3o para atendimento.<br \/>\n\u2013 6 meses de filia\u00e7\u00e3o para a\u00e7\u00f5es judiciais, processo administrativo (PGE), sindic\u00e2ncia ou corregedoria.<\/p>\n<p>&nbsp;<\/p>\n<p><em><strong>Processo administrativo (PGE), sindic\u00e2ncia ou corregedoria enviar documenta\u00e7\u00e3o pelo e-mail:\u00a0<\/strong><\/em><a href=\"mailto:juridicopge@sindespe.org.br\">juridicopge@sindespe.org.br<\/a><\/p>\n<p>&nbsp;<\/p>\n<p>&nbsp;<\/p>\n<div><span style=\"color: #ffffff;\">\u00a0a<\/span><\/div>\n<div><span style=\"color: #ffffff;\">a<\/span><\/div>\n<div><span style=\"text-decoration: underline;\"><strong>S\u00e3o Paulo\/SP<\/strong><\/span><span style=\"color: #ffffff;\">\u00a0a<\/span><\/div>\n<p><span style=\"color: #333333;\">Dr. Marco Aurelio Chagas Martorelli OAB\/SP 131.785<\/span><\/p>\n<p>Dr. Andr\u00e9 Kiyoshi\u00a0Habe \u2013 OAB\/SP 204.394<\/p>\n<p><span style=\"color: #333333;\"><em><strong>Processo administrativo (PGE), sindic\u00e2ncia ou corregedoria enviar documenta\u00e7\u00e3o pelo e-mail:\u00a0<\/strong><\/em><a href=\"mailto:juridicopge@sindpenal.org.br\">juridicopge@sindpenal.org.br<\/a><\/span><\/p>\n<p><span style=\"color: #333333;\">Atendimentos presenciais realizados mediante agendamento pr\u00e9vio atrav\u00e9s dos telefones da Sede (abaixo), devido a baixa demanda.<\/span><\/p>\n<div id=\"mudaFonte\"><span style=\"color: #333333;\">Av.: Brigadeiro Lu\u00eds Antonio, 290 \u2013 cj. 84 (a 200 metros da Procuradoria do Estado \u00a8PGE\u00a8)<\/span><\/div>\n<div><span style=\"color: #333333;\">Bela Vista\u00a0\u2013 CEP: 01318-000 &#8211; S\u00e3o Paulo\/SP<\/span><\/div>\n<div><span style=\"color: #333333;\">Fone: (11)\u00a03242-8560\u00a0&#8211; WhatsApp<\/span><\/div>\n<div><span style=\"color: #333333;\">E-Mail:\u00a0<a href=\"mailto:juridico@sindpenal.org.br\">juridico@sindpenal.org.br<\/a><\/span><\/div>\n<div><span style=\"color: #333333;\">Hor\u00e1rio de Almo\u00e7o: 12:00 \u00e0s 13:00 hrs.<\/span><\/div>\n<div><span style=\"color: #ffffff;\">a<\/span><\/div>\n<div>\n<div><span style=\"color: #ffffff;\">\u00a0<\/span><\/div>\n<div>\n<div><span style=\"text-decoration: underline;\"><strong>Bauru\/SP<\/strong><\/span><\/div>\n<div><span style=\"color: #ffffff;\">a<\/span><\/div>\n<div><span style=\"color: #333333;\">Dr. Cesar Augusto Pereira Vicente &#8211; OAB\/SP 303478<\/span><\/div>\n<div>Dr. Lucas Martin\u00e3o Gon\u00e7alves &#8211; OAB\/SP 302784<\/div>\n<div><span style=\"color: #333333;\">e-mail: <a href=\"mailto:juridico@sindpenal.org.br\">juridico@sindpenal.org.br<\/a><\/span><\/div>\n<div><span style=\"color: #333333;\">(14) 3204-9998<\/span><\/div>\n<div>WhatsApp: (14) 99811-7975<br \/>\n<span style=\"color: #333333;\">Avenida Get\u00falio Vargas, 22-25, Torre 1, Sala 1401, Edif\u00edcio Prime Square &#8211; Jardim Europa<b>\u00a0&#8211;<\/b>\u00a0CEP 17.017-383 &#8211; Bauru\/SP<\/span><\/div>\n<div><span style=\"color: #333333;\">Hor\u00e1rio de Almo\u00e7o: 12:00 \u00e0s 14:00 hrs.<\/span><\/div>\n<div><span style=\"color: #333333;\"><em><strong>Processo administrativo (PGE), sindic\u00e2ncia ou corregedoria enviar documenta\u00e7\u00e3o pelo e-mail:\u00a0<\/strong><\/em><a href=\"mailto:juridicopge@sindpenal.org.br\">juridicopge@sindpenal.org.br<\/a><\/span><\/div>\n<div><span style=\"color: #ffffff;\">\u00a0a<\/span><\/div>\n<div><span style=\"color: #ffffff;\">a<\/span><\/div>\n<div><span style=\"color: #ffffff;\">\u00a0<\/span><\/div>\n<div><\/div>\n<\/div>\n<\/div>\n","protected":false},"excerpt":{"rendered":"<p>Departamento Jur\u00eddico Regional &nbsp; Todos os filiados podem se valer do jur\u00eddico, tanto por e-mail quanto pelos telefones abaixo, para tirarem d\u00favidas referentes ao exerc\u00edcio da fun\u00e7\u00e3o de AEVP. Aos filiados \u00e9 garantido: \u2013 D\u00favidas e consultas \u2013 Defesa e acompanhamento em procedimentos administrativos, sindic\u00e2ncia ou corregedoria \u2013 Ingresso de a\u00e7\u00f5es judiciais sem custo inicial, sendo que, em casos de a\u00e7\u00f5es que resultam em ganho econ\u00f4mico, ser\u00e1 descontado o valor&#8230;<\/p>\n","protected":false},"author":2,"featured_media":0,"parent":0,"menu_order":0,"comment_status":"closed","ping_status":"closed","template":"","meta":{"footnotes":"","_joinchat":[]},"_links":{"self":[{"href":"https:\/\/sindpenal.org.br\/portal\/wp-json\/wp\/v2\/pages\/13"}],"collection":[{"href":"https:\/\/sindpenal.org.br\/portal\/wp-json\/wp\/v2\/pages"}],"about":[{"href":"https:\/\/sindpenal.org.br\/portal\/wp-json\/wp\/v2\/types\/page"}],"author":[{"embeddable":true,"href":"https:\/\/sindpenal.org.br\/portal\/wp-json\/wp\/v2\/users\/2"}],"replies":[{"embeddable":true,"href":"https:\/\/sindpenal.org.br\/portal\/wp-json\/wp\/v2\/comments?post=13"}],"version-history":[{"count":116,"href":"https:\/\/sindpenal.org.br\/portal\/wp-json\/wp\/v2\/pages\/13\/revisions"}],"predecessor-version":[{"id":24019,"href":"https:\/\/sindpenal.org.br\/portal\/wp-json\/wp\/v2\/pages\/13\/revisions\/24019"}],"wp:attachment":[{"href":"https:\/\/sindpenal.org.br\/portal\/wp-json\/wp\/v2\/media?parent=13"}],"curies":[{"name":"wp","href":"https:\/\/api.w.org\/{rel}","templated":true}]}}